{"id":190,"date":"2014-08-07T12:50:46","date_gmt":"2014-08-07T12:50:46","guid":{"rendered":"https:\/\/pcffri.local\/?page_id=190"},"modified":"2021-01-13T21:19:07","modified_gmt":"2021-01-13T21:19:07","slug":"meet-the-team","status":"publish","type":"page","link":"https:\/\/providencechildrensfilmfestival.org\/es\/meet-the-team\/","title":{"rendered":"conoce al equipo"},"content":{"rendered":"<h2>personal<\/h2>\n\n\n\n<div id=\"wpv-view-layout-325-CATTRca95606feb63889601f68ffe73fb1fad\" class=\"js-wpv-view-layout js-wpv-layout-responsive js-wpv-view-layout-325-CATTRca95606feb63889601f68ffe73fb1fad\" data-viewnumber=\"325-CATTRca95606feb63889601f68ffe73fb1fad\" data-pagination=\"{&quot;id&quot;:&quot;325&quot;,&quot;query&quot;:&quot;normal&quot;,&quot;type&quot;:&quot;disabled&quot;,&quot;effect&quot;:&quot;fade&quot;,&quot;duration&quot;:500,&quot;speed&quot;:5,&quot;pause_on_hover&quot;:&quot;disabled&quot;,&quot;stop_rollover&quot;:&quot;false&quot;,&quot;cache_pages&quot;:&quot;enabled&quot;,&quot;preload_images&quot;:&quot;enabled&quot;,&quot;preload_pages&quot;:&quot;enabled&quot;,&quot;preload_reach&quot;:1,&quot;spinner&quot;:&quot;builtin&quot;,&quot;spinner_image&quot;:&quot;https:\/\/providencechildrensfilmfestival.org\/wp-content\/plugins\/wp-views\/res\/img\/ajax-loader.gif&quot;,&quot;callback_next&quot;:&quot;&quot;,&quot;manage_history&quot;:&quot;enabled&quot;,&quot;has_controls_in_form&quot;:&quot;disabled&quot;,&quot;infinite_tolerance&quot;:&quot;0&quot;,&quot;max_pages&quot;:0,&quot;page&quot;:1,&quot;base_permalink&quot;:&quot;\/es\/wp-json\/wp\/v2\/pages\/190?wpv_view_count=325-CATTRca95606feb63889601f68ffe73fb1fad&amp;wpv_paged=WPV_PAGE_NUM&quot;,&quot;loop&quot;:{&quot;type&quot;:&quot;&quot;,&quot;name&quot;:&quot;&quot;,&quot;data&quot;:[],&quot;id&quot;:0}}\" data-permalink=\"\/es\/wp-json\/wp\/v2\/pages\/190?wpv_view_count=325-CATTRca95606feb63889601f68ffe73fb1fad\">\n\n\t\n\t  <div class=\"people-listing\">\n\t\t\n          <div class=\"person clearfix\">\n            <div class=\"image\"><img loading=\"lazy\" decoding=\"async\" width=\"300\" height=\"300\" src=\"https:\/\/providencechildrensfilmfestival.org\/wp-content\/uploads\/2014\/08\/Eric-Bilodeau-300x300.jpg\" class=\"attachment-medium size-medium wp-post-image\" alt=\"\" srcset=\"https:\/\/providencechildrensfilmfestival.org\/wp-content\/uploads\/2014\/08\/Eric-Bilodeau-300x300.jpg 300w, https:\/\/providencechildrensfilmfestival.org\/wp-content\/uploads\/2014\/08\/Eric-Bilodeau-150x150.jpg 150w, https:\/\/providencechildrensfilmfestival.org\/wp-content\/uploads\/2014\/08\/Eric-Bilodeau-768x769.jpg 768w, https:\/\/providencechildrensfilmfestival.org\/wp-content\/uploads\/2014\/08\/Eric-Bilodeau-1022x1024.jpg 1022w, https:\/\/providencechildrensfilmfestival.org\/wp-content\/uploads\/2014\/08\/Eric-Bilodeau-560x561.jpg 560w, https:\/\/providencechildrensfilmfestival.org\/wp-content\/uploads\/2014\/08\/Eric-Bilodeau-260x260.jpg 260w, https:\/\/providencechildrensfilmfestival.org\/wp-content\/uploads\/2014\/08\/Eric-Bilodeau-160x160.jpg 160w, https:\/\/providencechildrensfilmfestival.org\/wp-content\/uploads\/2014\/08\/Eric-Bilodeau.jpg 1598w\" sizes=\"auto, (max-width: 300px) 100vw, 300px\" \/><\/div>\n            <div class=\"details\">\n              <h3>Eric Bilodeau | <span class=\"title\">director art\u00edstico<\/span><\/h3>\n              \n                <div class=\"email\"><a href=\"mailto:eric@providencechildrensfilmfestival.org\">eric@providencechildrensfilmfestival.org<\/a><\/div>\n              \n              \n                <div class=\"email\"><a href=\"\" target=\"_blank\"><\/a><\/div>\n              \n              <div class=\"bio\"><p>Criado en el negocio teatral familiar de Rhode Island, Eric Bilodeau lleva m\u00e1s de treinta a\u00f1os programando salas de cine. Su experiencia abarca todo el horizonte de la exhibici\u00f3n cinematogr\u00e1fica, incluido el asesoramiento y la contrataci\u00f3n para cines comerciales de varias salas, peque\u00f1os cines de arte y ensayo, multitud de festivales internacionales de cine y la programaci\u00f3n de su propio cine itinerante, el Cricket Cinema. Dirigir el querido Cable Car Cinema de Providence durante 18 a\u00f1os tambi\u00e9n afin\u00f3 sus habilidades en una amplia gama de g\u00e9neros cinematogr\u00e1ficos. Tras vender el Cable Car en 2007, Eric se convirti\u00f3 en Director de Programaci\u00f3n del Festival Internacional de Cine de Newport hasta que acept\u00f3 el cargo de Director de Programaci\u00f3n del reci\u00e9n creado Festival de Cine Infantil de Providence en 2010. Durante la siguiente d\u00e9cada de programaci\u00f3n, ha asistido y desarrollado relaciones con muchos festivales de cine juvenil norteamericanos e internacionales, al tiempo que se desempe\u00f1aba como asesor de programaci\u00f3n para el Festival Internacional de Cine Infantil de la India y programador infantil para el Festival de Cine de Martha's Vineyard. En 2020 se convirti\u00f3 en Director Ejecutivo del PCFF.<\/p>\n<\/div>\n            <\/div>\n          <\/div>\n\t\t\n          <div class=\"person clearfix\">\n            <div class=\"image\"><img loading=\"lazy\" decoding=\"async\" width=\"208\" height=\"300\" src=\"https:\/\/providencechildrensfilmfestival.org\/wp-content\/uploads\/2024\/11\/Screenshot-2024-11-25-at-16.05.47-208x300.png\" class=\"attachment-medium size-medium wp-post-image\" alt=\"\" srcset=\"https:\/\/providencechildrensfilmfestival.org\/wp-content\/uploads\/2024\/11\/Screenshot-2024-11-25-at-16.05.47-208x300.png 208w, https:\/\/providencechildrensfilmfestival.org\/wp-content\/uploads\/2024\/11\/Screenshot-2024-11-25-at-16.05.47-710x1024.png 710w, https:\/\/providencechildrensfilmfestival.org\/wp-content\/uploads\/2024\/11\/Screenshot-2024-11-25-at-16.05.47-768x1108.png 768w, https:\/\/providencechildrensfilmfestival.org\/wp-content\/uploads\/2024\/11\/Screenshot-2024-11-25-at-16.05.47-560x808.png 560w, https:\/\/providencechildrensfilmfestival.org\/wp-content\/uploads\/2024\/11\/Screenshot-2024-11-25-at-16.05.47-260x375.png 260w, https:\/\/providencechildrensfilmfestival.org\/wp-content\/uploads\/2024\/11\/Screenshot-2024-11-25-at-16.05.47-160x231.png 160w, https:\/\/providencechildrensfilmfestival.org\/wp-content\/uploads\/2024\/11\/Screenshot-2024-11-25-at-16.05.47.png 932w\" sizes=\"auto, (max-width: 208px) 100vw, 208px\" \/><\/div>\n            <div class=\"details\">\n              <h3>Cristin Searles Bilodeau | <span class=\"title\">Managing Director<\/span><\/h3>\n              \n                <div class=\"email\"><a href=\"mailto:cristin@providencechildrensfilmfestival.org\">cristin@providencechildrensfilmfestival.org<\/a><\/div>\n              \n              \n                <div class=\"email\"><a href=\"\" target=\"_blank\"><\/a><\/div>\n              \n              <div class=\"bio\"><p>Cristin brings her enthusiasm for arts and community to her role as Managing Director. She has spent many years in the Museum field working with artists, staff, donors, volunteers and community members to create meaningful art\/music\/dance\/film experiences and is thrilled to leverage these skills for PCFF. Her own kids grew up with the film festival, and she is passionate about its value in building empathic, open minded and culturally curious young people.<\/p>\n<\/div>\n            <\/div>\n          <\/div>\n\t\t\n      <\/div>\n\t\n\t\n<\/div>\n<h2>reparto secundario<\/h2>\n\n\n\n<div id=\"wpv-view-layout-325-CATTRa2d5fd36a477219b0b05998a420bc743\" class=\"js-wpv-view-layout js-wpv-layout-responsive js-wpv-view-layout-325-CATTRa2d5fd36a477219b0b05998a420bc743\" data-viewnumber=\"325-CATTRa2d5fd36a477219b0b05998a420bc743\" data-pagination=\"{&quot;id&quot;:&quot;325&quot;,&quot;query&quot;:&quot;normal&quot;,&quot;type&quot;:&quot;disabled&quot;,&quot;effect&quot;:&quot;fade&quot;,&quot;duration&quot;:500,&quot;speed&quot;:5,&quot;pause_on_hover&quot;:&quot;disabled&quot;,&quot;stop_rollover&quot;:&quot;false&quot;,&quot;cache_pages&quot;:&quot;enabled&quot;,&quot;preload_images&quot;:&quot;enabled&quot;,&quot;preload_pages&quot;:&quot;enabled&quot;,&quot;preload_reach&quot;:1,&quot;spinner&quot;:&quot;builtin&quot;,&quot;spinner_image&quot;:&quot;https:\/\/providencechildrensfilmfestival.org\/wp-content\/plugins\/wp-views\/res\/img\/ajax-loader.gif&quot;,&quot;callback_next&quot;:&quot;&quot;,&quot;manage_history&quot;:&quot;enabled&quot;,&quot;has_controls_in_form&quot;:&quot;disabled&quot;,&quot;infinite_tolerance&quot;:&quot;0&quot;,&quot;max_pages&quot;:0,&quot;page&quot;:1,&quot;base_permalink&quot;:&quot;\/es\/wp-json\/wp\/v2\/pages\/190?wpv_view_count=325-CATTRa2d5fd36a477219b0b05998a420bc743&amp;wpv_paged=WPV_PAGE_NUM&quot;,&quot;loop&quot;:{&quot;type&quot;:&quot;&quot;,&quot;name&quot;:&quot;&quot;,&quot;data&quot;:[],&quot;id&quot;:0}}\" data-permalink=\"\/es\/wp-json\/wp\/v2\/pages\/190?wpv_view_count=325-CATTRa2d5fd36a477219b0b05998a420bc743\">\n\n\t\n\t  <div class=\"people-listing\">\n\t\t\n          <div class=\"person clearfix\">\n            <div class=\"image\"><img loading=\"lazy\" decoding=\"async\" width=\"225\" height=\"225\" src=\"https:\/\/providencechildrensfilmfestival.org\/wp-content\/uploads\/2015\/11\/bottlerocket-logo.jpg\" class=\"attachment-medium size-medium wp-post-image\" alt=\"\" srcset=\"https:\/\/providencechildrensfilmfestival.org\/wp-content\/uploads\/2015\/11\/bottlerocket-logo.jpg 225w, https:\/\/providencechildrensfilmfestival.org\/wp-content\/uploads\/2015\/11\/bottlerocket-logo-150x150.jpg 150w, https:\/\/providencechildrensfilmfestival.org\/wp-content\/uploads\/2015\/11\/bottlerocket-logo-160x160.jpg 160w\" sizes=\"auto, (max-width: 225px) 100vw, 225px\" \/><\/div>\n            <div class=\"details\">\n              <h3>Elizabeth &#8220;Zim&#8221; Zimmermann | <span class=\"title\">arte + dise\u00f1o<\/span><\/h3>\n              \n                <div class=\"email\"><a href=\"mailto:\"><\/a><\/div>\n              \n              \n                <div class=\"email\"><a href=\"\" target=\"_blank\"><\/a><\/div>\n              \n              <div class=\"bio\"><p><a href=\"http:\/\/www.bottlerocketdesign.com\" target=\"_blank\" rel=\"noopener\">www.bottlerocketdesign.com<\/a><\/p>\n<\/div>\n            <\/div>\n          <\/div>\n\t\t\n          <div class=\"person clearfix\">\n            <div class=\"image\"><img loading=\"lazy\" decoding=\"async\" width=\"300\" height=\"266\" src=\"https:\/\/providencechildrensfilmfestival.org\/wp-content\/uploads\/2014\/08\/logo-black1-300x266.png\" class=\"attachment-medium size-medium wp-post-image\" alt=\"\" srcset=\"https:\/\/providencechildrensfilmfestival.org\/wp-content\/uploads\/2014\/08\/logo-black1-300x266.png 300w, https:\/\/providencechildrensfilmfestival.org\/wp-content\/uploads\/2014\/08\/logo-black1-560x496.png 560w, https:\/\/providencechildrensfilmfestival.org\/wp-content\/uploads\/2014\/08\/logo-black1-260x230.png 260w, https:\/\/providencechildrensfilmfestival.org\/wp-content\/uploads\/2014\/08\/logo-black1-160x141.png 160w, https:\/\/providencechildrensfilmfestival.org\/wp-content\/uploads\/2014\/08\/logo-black1.png 621w\" sizes=\"auto, (max-width: 300px) 100vw, 300px\" \/><\/div>\n            <div class=\"details\">\n              <h3>Jake Camara | <span class=\"title\">desarrollo web + alojamiento<\/span><\/h3>\n              \n                <div class=\"email\"><a href=\"mailto:\"><\/a><\/div>\n              \n              \n                <div class=\"email\"><a href=\"\" target=\"_blank\"><\/a><\/div>\n              \n              <div class=\"bio\"><p><a href=\"http:\/\/www.jakeandco.com\" target=\"_blank\" rel=\"noopener noreferrer\">Jake &amp; Co.<\/a><\/p>\n<\/div>\n            <\/div>\n          <\/div>\n\t\t\n      <\/div>\n\t\n\t\n<\/div>","protected":false},"excerpt":{"rendered":"<p>staff supporting cast<\/p>","protected":false},"author":2,"featured_media":5976,"parent":0,"menu_order":0,"comment_status":"open","ping_status":"open","template":"template-staff.php","meta":{"_acf_changed":false,"_monsterinsights_skip_tracking":false,"_monsterinsights_sitenote_active":false,"_monsterinsights_sitenote_note":"","_monsterinsights_sitenote_category":0,"_price":"","_stock":"","_tribe_ticket_header":"","_tribe_default_ticket_provider":"","_tribe_ticket_capacity":"0","_ticket_start_date":"","_ticket_end_date":"","_tribe_ticket_show_description":"","_tribe_ticket_show_not_going":false,"_tribe_ticket_use_global_stock":"","_tribe_ticket_global_stock_level":"","_global_stock_mode":"","_global_stock_cap":"","_tribe_rsvp_for_event":"","_tribe_ticket_going_count":"","_tribe_ticket_not_going_count":"","_tribe_tickets_list":"[]","_tribe_ticket_has_attendee_info_fields":false,"footnotes":"","_tec_slr_enabled":"","_tec_slr_layout":""},"class_list":["post-190","page","type-page","status-publish","has-post-thumbnail","hentry"],"acf":[],"yoast_head":"<!-- This site is optimized with the Yoast SEO plugin v27.5 - https:\/\/yoast.com\/product\/yoast-seo-wordpress\/ -->\n<title>meet the team - Providence Children&#039;s Film Festival<\/title>\n<meta name=\"robots\" content=\"index, follow, max-snippet:-1, max-image-preview:large, max-video-preview:-1\" \/>\n<link rel=\"canonical\" href=\"https:\/\/providencechildrensfilmfestival.org\/es\/meet-the-team\/\" \/>\n<meta property=\"og:locale\" content=\"es_ES\" \/>\n<meta property=\"og:type\" content=\"article\" \/>\n<meta property=\"og:title\" content=\"meet the team - Providence Children&#039;s Film Festival\" \/>\n<meta property=\"og:description\" content=\"staff supporting cast\" \/>\n<meta property=\"og:url\" content=\"https:\/\/providencechildrensfilmfestival.org\/es\/meet-the-team\/\" \/>\n<meta property=\"og:site_name\" content=\"Providence Children&#039;s Film Festival\" \/>\n<meta property=\"article:publisher\" content=\"https:\/\/www.facebook.com\/ProvidenceChildrensFilmFestival\" \/>\n<meta property=\"article:modified_time\" content=\"2021-01-13T21:19:07+00:00\" \/>\n<meta property=\"og:image\" content=\"https:\/\/providencechildrensfilmfestival.org\/wp-content\/uploads\/2021\/01\/Totoro-4-scaled-e1610572614503.jpg\" \/>\n\t<meta property=\"og:image:width\" content=\"2560\" \/>\n\t<meta property=\"og:image:height\" content=\"595\" \/>\n\t<meta property=\"og:image:type\" content=\"image\/jpeg\" \/>\n<meta name=\"twitter:card\" content=\"summary_large_image\" \/>\n<meta name=\"twitter:site\" content=\"@pcffri\" \/>\n<script type=\"application\/ld+json\" class=\"yoast-schema-graph\">{\"@context\":\"https:\\\/\\\/schema.org\",\"@graph\":[{\"@type\":\"WebPage\",\"@id\":\"https:\\\/\\\/providencechildrensfilmfestival.org\\\/meet-the-team\\\/\",\"url\":\"https:\\\/\\\/providencechildrensfilmfestival.org\\\/meet-the-team\\\/\",\"name\":\"meet the team - Providence Children&#039;s Film Festival\",\"isPartOf\":{\"@id\":\"https:\\\/\\\/providencechildrensfilmfestival.org\\\/#website\"},\"primaryImageOfPage\":{\"@id\":\"https:\\\/\\\/providencechildrensfilmfestival.org\\\/meet-the-team\\\/#primaryimage\"},\"image\":{\"@id\":\"https:\\\/\\\/providencechildrensfilmfestival.org\\\/meet-the-team\\\/#primaryimage\"},\"thumbnailUrl\":\"https:\\\/\\\/providencechildrensfilmfestival.org\\\/wp-content\\\/uploads\\\/2021\\\/01\\\/Totoro-4-scaled-e1610572614503.jpg\",\"datePublished\":\"2014-08-07T12:50:46+00:00\",\"dateModified\":\"2021-01-13T21:19:07+00:00\",\"breadcrumb\":{\"@id\":\"https:\\\/\\\/providencechildrensfilmfestival.org\\\/meet-the-team\\\/#breadcrumb\"},\"inLanguage\":\"es-CO\",\"potentialAction\":[{\"@type\":\"ReadAction\",\"target\":[\"https:\\\/\\\/providencechildrensfilmfestival.org\\\/meet-the-team\\\/\"]}]},{\"@type\":\"ImageObject\",\"inLanguage\":\"es-CO\",\"@id\":\"https:\\\/\\\/providencechildrensfilmfestival.org\\\/meet-the-team\\\/#primaryimage\",\"url\":\"https:\\\/\\\/providencechildrensfilmfestival.org\\\/wp-content\\\/uploads\\\/2021\\\/01\\\/Totoro-4-scaled-e1610572614503.jpg\",\"contentUrl\":\"https:\\\/\\\/providencechildrensfilmfestival.org\\\/wp-content\\\/uploads\\\/2021\\\/01\\\/Totoro-4-scaled-e1610572614503.jpg\",\"width\":2560,\"height\":595},{\"@type\":\"BreadcrumbList\",\"@id\":\"https:\\\/\\\/providencechildrensfilmfestival.org\\\/meet-the-team\\\/#breadcrumb\",\"itemListElement\":[{\"@type\":\"ListItem\",\"position\":1,\"name\":\"Home\",\"item\":\"https:\\\/\\\/providencechildrensfilmfestival.org\\\/\"},{\"@type\":\"ListItem\",\"position\":2,\"name\":\"meet the team\"}]},{\"@type\":\"WebSite\",\"@id\":\"https:\\\/\\\/providencechildrensfilmfestival.org\\\/#website\",\"url\":\"https:\\\/\\\/providencechildrensfilmfestival.org\\\/\",\"name\":\"Providence Children&#039;s Film Festival\",\"description\":\"\",\"potentialAction\":[{\"@type\":\"SearchAction\",\"target\":{\"@type\":\"EntryPoint\",\"urlTemplate\":\"https:\\\/\\\/providencechildrensfilmfestival.org\\\/?s={search_term_string}\"},\"query-input\":{\"@type\":\"PropertyValueSpecification\",\"valueRequired\":true,\"valueName\":\"search_term_string\"}}],\"inLanguage\":\"es-CO\"}]}<\/script>\n<!-- \/ Yoast SEO plugin. -->","yoast_head_json":{"title":"meet the team - Providence Children&#039;s Film Festival","robots":{"index":"index","follow":"follow","max-snippet":"max-snippet:-1","max-image-preview":"max-image-preview:large","max-video-preview":"max-video-preview:-1"},"canonical":"https:\/\/providencechildrensfilmfestival.org\/es\/meet-the-team\/","og_locale":"es_ES","og_type":"article","og_title":"meet the team - Providence Children&#039;s Film Festival","og_description":"staff supporting cast","og_url":"https:\/\/providencechildrensfilmfestival.org\/es\/meet-the-team\/","og_site_name":"Providence Children&#039;s Film Festival","article_publisher":"https:\/\/www.facebook.com\/ProvidenceChildrensFilmFestival","article_modified_time":"2021-01-13T21:19:07+00:00","og_image":[{"width":2560,"height":595,"url":"https:\/\/providencechildrensfilmfestival.org\/wp-content\/uploads\/2021\/01\/Totoro-4-scaled-e1610572614503.jpg","type":"image\/jpeg"}],"twitter_card":"summary_large_image","twitter_site":"@pcffri","schema":{"@context":"https:\/\/schema.org","@graph":[{"@type":"WebPage","@id":"https:\/\/providencechildrensfilmfestival.org\/meet-the-team\/","url":"https:\/\/providencechildrensfilmfestival.org\/meet-the-team\/","name":"meet the team - Providence Children&#039;s Film Festival","isPartOf":{"@id":"https:\/\/providencechildrensfilmfestival.org\/#website"},"primaryImageOfPage":{"@id":"https:\/\/providencechildrensfilmfestival.org\/meet-the-team\/#primaryimage"},"image":{"@id":"https:\/\/providencechildrensfilmfestival.org\/meet-the-team\/#primaryimage"},"thumbnailUrl":"https:\/\/providencechildrensfilmfestival.org\/wp-content\/uploads\/2021\/01\/Totoro-4-scaled-e1610572614503.jpg","datePublished":"2014-08-07T12:50:46+00:00","dateModified":"2021-01-13T21:19:07+00:00","breadcrumb":{"@id":"https:\/\/providencechildrensfilmfestival.org\/meet-the-team\/#breadcrumb"},"inLanguage":"es-CO","potentialAction":[{"@type":"ReadAction","target":["https:\/\/providencechildrensfilmfestival.org\/meet-the-team\/"]}]},{"@type":"ImageObject","inLanguage":"es-CO","@id":"https:\/\/providencechildrensfilmfestival.org\/meet-the-team\/#primaryimage","url":"https:\/\/providencechildrensfilmfestival.org\/wp-content\/uploads\/2021\/01\/Totoro-4-scaled-e1610572614503.jpg","contentUrl":"https:\/\/providencechildrensfilmfestival.org\/wp-content\/uploads\/2021\/01\/Totoro-4-scaled-e1610572614503.jpg","width":2560,"height":595},{"@type":"BreadcrumbList","@id":"https:\/\/providencechildrensfilmfestival.org\/meet-the-team\/#breadcrumb","itemListElement":[{"@type":"ListItem","position":1,"name":"Home","item":"https:\/\/providencechildrensfilmfestival.org\/"},{"@type":"ListItem","position":2,"name":"meet the team"}]},{"@type":"WebSite","@id":"https:\/\/providencechildrensfilmfestival.org\/#website","url":"https:\/\/providencechildrensfilmfestival.org\/","name":"Festival de Cine Infantil de Providence","description":"","potentialAction":[{"@type":"SearchAction","target":{"@type":"EntryPoint","urlTemplate":"https:\/\/providencechildrensfilmfestival.org\/?s={search_term_string}"},"query-input":{"@type":"PropertyValueSpecification","valueRequired":true,"valueName":"search_term_string"}}],"inLanguage":"es-CO"}]}},"ticketed":false,"_links":{"self":[{"href":"https:\/\/providencechildrensfilmfestival.org\/es\/wp-json\/wp\/v2\/pages\/190","targetHints":{"allow":["GET"]}}],"collection":[{"href":"https:\/\/providencechildrensfilmfestival.org\/es\/wp-json\/wp\/v2\/pages"}],"about":[{"href":"https:\/\/providencechildrensfilmfestival.org\/es\/wp-json\/wp\/v2\/types\/page"}],"author":[{"embeddable":true,"href":"https:\/\/providencechildrensfilmfestival.org\/es\/wp-json\/wp\/v2\/users\/2"}],"replies":[{"embeddable":true,"href":"https:\/\/providencechildrensfilmfestival.org\/es\/wp-json\/wp\/v2\/comments?post=190"}],"version-history":[{"count":0,"href":"https:\/\/providencechildrensfilmfestival.org\/es\/wp-json\/wp\/v2\/pages\/190\/revisions"}],"wp:featuredmedia":[{"embeddable":true,"href":"https:\/\/providencechildrensfilmfestival.org\/es\/wp-json\/wp\/v2\/media\/5976"}],"wp:attachment":[{"href":"https:\/\/providencechildrensfilmfestival.org\/es\/wp-json\/wp\/v2\/media?parent=190"}],"curies":[{"name":"wp","href":"https:\/\/api.w.org\/{rel}","templated":true}]}}